{"id":105403,"date":"2022-09-02T10:24:46","date_gmt":"2022-09-02T08:24:46","guid":{"rendered":"https:\/\/shop-2025.pfarrplatz.vollwerbung.at\/wein\/ried-langteufel-nussberg-wiener-gemischter-satz-dac-erste-lage-2-2\/"},"modified":"2026-04-30T14:35:57","modified_gmt":"2026-04-30T12:35:57","slug":"ried-langteufel-nussberg-1oetw-wiener-gemischter-satz-dac-2024","status":"publish","type":"product","link":"https:\/\/shop.pfarrplatz.com\/de\/wein\/ried-langteufel-nussberg-1oetw-wiener-gemischter-satz-dac-2024\/","title":{"rendered":"Ried Langteufel-Nussberg 1\u00d6TW<br\/> Wiener Gemischter Satz DAC"},"content":{"rendered":"","protected":false},"excerpt":{"rendered":"<p>Chardonnay, Wei\u00dfburgunder, Grauburgunder, Neuburger und etwas Traminer finden sich in diesem Wiener Gemischten Satz. In der Nase finden man vielf\u00e4ltige Aromen wie Quitte, Tabak und Biskuite. Die burgundische Stilistik mit feiner Reduktion, machen den Wein \u00e4u\u00dferst straff und \u00a0salzmineralisch. Ein Wiener Gemischter Satz mit Reifepotential f\u00fcr 10 Jahre und mehr.<\/p>\n","protected":false},"featured_media":104457,"comment_status":"closed","ping_status":"closed","template":"","meta":[],"product_brand":[],"product_cat":[214,218,166,178],"product_tag":[],"class_list":{"0":"post-105403","1":"product","2":"type-product","3":"status-publish","4":"has-post-thumbnail","6":"product_cat-erste-lagen-weine","7":"product_cat-riedenwein","8":"product_cat-rotes-haus","9":"product_cat-weisswein","10":"product_shipping_class-52","11":"pa_allergene-enthaelt-sulfite","12":"pa_einheit-flasche","13":"pa_gebinde-075-2","14":"pa_geschmack-trocken","15":"pa_lage-weingarten-langteufel-nussberg","16":"pa_lagerfaehigkeit-10-jahre","17":"pa_produkt-weisswein","18":"pa_qualitaetsstufe-dac-wein","19":"pa_rebsorte-chardonnay","20":"pa_rebsorte-grauburgunder","21":"pa_rebsorte-neuburger","22":"pa_rebsorte-traminer","23":"pa_rebsorte-weissburgunder","24":"pa_trinktemperatur-10-12-c","25":"pa_verschluss-naturkork","26":"pa_weingut-rotes-haus","28":"first","29":"instock","30":"taxable","31":"shipping-taxable","32":"purchasable","33":"product-type-simple"},"yoast_head":"<!-- This site is optimized with the Yoast SEO plugin v27.5 - https:\/\/yoast.com\/product\/yoast-seo-wordpress\/ -->\n<title>Ried Langteufel-Nussberg 1\u00d6TW Wiener Gemischter Satz DAC - Online-Shop der Weing\u00fcter Mayer am Pfarrplatz und Rotes Haus<\/title>\n<meta name=\"robots\" content=\"index, follow, max-snippet:-1, max-image-preview:large, max-video-preview:-1\" \/>\n<link rel=\"canonical\" href=\"https:\/\/shop.pfarrplatz.com\/de\/wein\/ried-langteufel-nussberg-1oetw-wiener-gemischter-satz-dac-2024\/\" \/>\n<meta property=\"og:locale\" content=\"de_DE\" \/>\n<meta property=\"og:type\" content=\"article\" \/>\n<meta property=\"og:title\" content=\"Ried Langteufel-Nussberg 1\u00d6TW Wiener Gemischter Satz DAC - Online-Shop der Weing\u00fcter Mayer am Pfarrplatz und Rotes Haus\" \/>\n<meta property=\"og:description\" content=\"Chardonnay, Wei\u00dfburgunder, Grauburgunder, Neuburger und etwas Traminer finden sich in diesem Wiener Gemischten Satz. In der Nase finden man vielf\u00e4ltige Aromen wie Quitte, Tabak und Biskuite. Die burgundische Stilistik mit feiner Reduktion, machen den Wein \u00e4u\u00dferst straff und \u00a0salzmineralisch. Ein Wiener Gemischter Satz mit Reifepotential f\u00fcr 10 Jahre und mehr.\" \/>\n<meta property=\"og:url\" content=\"https:\/\/shop.pfarrplatz.com\/de\/wein\/ried-langteufel-nussberg-1oetw-wiener-gemischter-satz-dac-2024\/\" \/>\n<meta property=\"og:site_name\" content=\"Online-Shop der Weing\u00fcter Mayer am Pfarrplatz und Rotes Haus\" \/>\n<meta property=\"article:publisher\" content=\"https:\/\/www.facebook.com\/mayerampfarrplatz\" \/>\n<meta property=\"article:modified_time\" content=\"2026-04-30T12:35:57+00:00\" \/>\n<meta property=\"og:image\" content=\"https:\/\/shop.pfarrplatz.com\/wp-content\/uploads\/2026\/03\/RH_GemSatz.webp\" \/>\n\t<meta property=\"og:image:width\" content=\"794\" \/>\n\t<meta property=\"og:image:height\" content=\"2500\" \/>\n\t<meta property=\"og:image:type\" content=\"image\/webp\" \/>\n<meta name=\"twitter:card\" content=\"summary_large_image\" \/>\n<meta name=\"twitter:label1\" content=\"Gesch\u00e4tzte Lesezeit\" \/>\n\t<meta name=\"twitter:data1\" content=\"1\u00a0Minute\" \/>\n<script type=\"application\/ld+json\" class=\"yoast-schema-graph\">{\"@context\":\"https:\\\/\\\/schema.org\",\"@graph\":[{\"@type\":\"WebPage\",\"@id\":\"https:\\\/\\\/shop.pfarrplatz.com\\\/de\\\/wein\\\/ried-langteufel-nussberg-1oetw-wiener-gemischter-satz-dac-2024\\\/\",\"url\":\"https:\\\/\\\/shop.pfarrplatz.com\\\/de\\\/wein\\\/ried-langteufel-nussberg-1oetw-wiener-gemischter-satz-dac-2024\\\/\",\"name\":\"Ried Langteufel-Nussberg 1\u00d6TW Wiener Gemischter Satz DAC - Online-Shop der Weing\u00fcter Mayer am Pfarrplatz und Rotes Haus\",\"isPartOf\":{\"@id\":\"https:\\\/\\\/shop.pfarrplatz.com\\\/de\\\/#website\"},\"primaryImageOfPage\":{\"@id\":\"https:\\\/\\\/shop.pfarrplatz.com\\\/de\\\/wein\\\/ried-langteufel-nussberg-1oetw-wiener-gemischter-satz-dac-2024\\\/#primaryimage\"},\"image\":{\"@id\":\"https:\\\/\\\/shop.pfarrplatz.com\\\/de\\\/wein\\\/ried-langteufel-nussberg-1oetw-wiener-gemischter-satz-dac-2024\\\/#primaryimage\"},\"thumbnailUrl\":\"https:\\\/\\\/shop.pfarrplatz.com\\\/wp-content\\\/uploads\\\/2026\\\/03\\\/RH_GemSatz.webp\",\"datePublished\":\"2022-09-02T08:24:46+00:00\",\"dateModified\":\"2026-04-30T12:35:57+00:00\",\"breadcrumb\":{\"@id\":\"https:\\\/\\\/shop.pfarrplatz.com\\\/de\\\/wein\\\/ried-langteufel-nussberg-1oetw-wiener-gemischter-satz-dac-2024\\\/#breadcrumb\"},\"inLanguage\":\"de\",\"potentialAction\":[{\"@type\":\"ReadAction\",\"target\":[\"https:\\\/\\\/shop.pfarrplatz.com\\\/de\\\/wein\\\/ried-langteufel-nussberg-1oetw-wiener-gemischter-satz-dac-2024\\\/\"]}]},{\"@type\":\"ImageObject\",\"inLanguage\":\"de\",\"@id\":\"https:\\\/\\\/shop.pfarrplatz.com\\\/de\\\/wein\\\/ried-langteufel-nussberg-1oetw-wiener-gemischter-satz-dac-2024\\\/#primaryimage\",\"url\":\"https:\\\/\\\/shop.pfarrplatz.com\\\/wp-content\\\/uploads\\\/2026\\\/03\\\/RH_GemSatz.webp\",\"contentUrl\":\"https:\\\/\\\/shop.pfarrplatz.com\\\/wp-content\\\/uploads\\\/2026\\\/03\\\/RH_GemSatz.webp\",\"width\":794,\"height\":2500},{\"@type\":\"BreadcrumbList\",\"@id\":\"https:\\\/\\\/shop.pfarrplatz.com\\\/de\\\/wein\\\/ried-langteufel-nussberg-1oetw-wiener-gemischter-satz-dac-2024\\\/#breadcrumb\",\"itemListElement\":[{\"@type\":\"ListItem\",\"position\":1,\"name\":\"Start\",\"item\":\"https:\\\/\\\/shop.pfarrplatz.com\\\/de\\\/\"},{\"@type\":\"ListItem\",\"position\":2,\"name\":\"Shop\",\"item\":\"https:\\\/\\\/shop.pfarrplatz.com\\\/de\\\/shop\\\/\"},{\"@type\":\"ListItem\",\"position\":3,\"name\":\"Ried Langteufel-Nussberg 1\u00d6TW Wiener Gemischter Satz DAC\"}]},{\"@type\":\"WebSite\",\"@id\":\"https:\\\/\\\/shop.pfarrplatz.com\\\/de\\\/#website\",\"url\":\"https:\\\/\\\/shop.pfarrplatz.com\\\/de\\\/\",\"name\":\"Online-Shop der Weing\u00fcter Mayer am Pfarrplatz und Rotes Haus\",\"description\":\"Von den 10 besten Weinen Wiens sind 6 von den Weing\u00fctern Mayer am Pfarrplatz und Rotes Haus\",\"publisher\":{\"@id\":\"https:\\\/\\\/shop.pfarrplatz.com\\\/de\\\/#organization\"},\"potentialAction\":[{\"@type\":\"SearchAction\",\"target\":{\"@type\":\"EntryPoint\",\"urlTemplate\":\"https:\\\/\\\/shop.pfarrplatz.com\\\/de\\\/?s={search_term_string}\"},\"query-input\":{\"@type\":\"PropertyValueSpecification\",\"valueRequired\":true,\"valueName\":\"search_term_string\"}}],\"inLanguage\":\"de\"},{\"@type\":\"Organization\",\"@id\":\"https:\\\/\\\/shop.pfarrplatz.com\\\/de\\\/#organization\",\"name\":\"Mayer am Pfarrplatz und Rotes Haus\",\"alternateName\":\"VWG \u201eVienna 19\u201c Wein GmbH\",\"url\":\"https:\\\/\\\/shop.pfarrplatz.com\\\/de\\\/\",\"logo\":{\"@type\":\"ImageObject\",\"inLanguage\":\"de\",\"@id\":\"https:\\\/\\\/shop.pfarrplatz.com\\\/de\\\/#\\\/schema\\\/logo\\\/image\\\/\",\"url\":\"https:\\\/\\\/shop.pfarrplatz.com\\\/wp-content\\\/uploads\\\/2018\\\/06\\\/weingut_mayer_am_pfarrplatz_logo.png\",\"contentUrl\":\"https:\\\/\\\/shop.pfarrplatz.com\\\/wp-content\\\/uploads\\\/2018\\\/06\\\/weingut_mayer_am_pfarrplatz_logo.png\",\"width\":124,\"height\":106,\"caption\":\"Mayer am Pfarrplatz und Rotes Haus\"},\"image\":{\"@id\":\"https:\\\/\\\/shop.pfarrplatz.com\\\/de\\\/#\\\/schema\\\/logo\\\/image\\\/\"},\"sameAs\":[\"https:\\\/\\\/www.facebook.com\\\/mayerampfarrplatz\",\"https:\\\/\\\/www.instagram.com\\\/mayerampfarrplatz.pfarrwirt\\\/\"]}]}<\/script>\n<!-- \/ Yoast SEO plugin. -->","yoast_head_json":{"title":"Ried Langteufel-Nussberg 1\u00d6TW Wiener Gemischter Satz DAC - Online-Shop der Weing\u00fcter Mayer am Pfarrplatz und Rotes Haus","robots":{"index":"index","follow":"follow","max-snippet":"max-snippet:-1","max-image-preview":"max-image-preview:large","max-video-preview":"max-video-preview:-1"},"canonical":"https:\/\/shop.pfarrplatz.com\/de\/wein\/ried-langteufel-nussberg-1oetw-wiener-gemischter-satz-dac-2024\/","og_locale":"de_DE","og_type":"article","og_title":"Ried Langteufel-Nussberg 1\u00d6TW Wiener Gemischter Satz DAC - Online-Shop der Weing\u00fcter Mayer am Pfarrplatz und Rotes Haus","og_description":"Chardonnay, Wei\u00dfburgunder, Grauburgunder, Neuburger und etwas Traminer finden sich in diesem Wiener Gemischten Satz. In der Nase finden man vielf\u00e4ltige Aromen wie Quitte, Tabak und Biskuite. Die burgundische Stilistik mit feiner Reduktion, machen den Wein \u00e4u\u00dferst straff und \u00a0salzmineralisch. Ein Wiener Gemischter Satz mit Reifepotential f\u00fcr 10 Jahre und mehr.","og_url":"https:\/\/shop.pfarrplatz.com\/de\/wein\/ried-langteufel-nussberg-1oetw-wiener-gemischter-satz-dac-2024\/","og_site_name":"Online-Shop der Weing\u00fcter Mayer am Pfarrplatz und Rotes Haus","article_publisher":"https:\/\/www.facebook.com\/mayerampfarrplatz","article_modified_time":"2026-04-30T12:35:57+00:00","og_image":[{"width":794,"height":2500,"url":"https:\/\/shop.pfarrplatz.com\/wp-content\/uploads\/2026\/03\/RH_GemSatz.webp","type":"image\/webp"}],"twitter_card":"summary_large_image","twitter_misc":{"Gesch\u00e4tzte Lesezeit":"1\u00a0Minute"},"schema":{"@context":"https:\/\/schema.org","@graph":[{"@type":"WebPage","@id":"https:\/\/shop.pfarrplatz.com\/de\/wein\/ried-langteufel-nussberg-1oetw-wiener-gemischter-satz-dac-2024\/","url":"https:\/\/shop.pfarrplatz.com\/de\/wein\/ried-langteufel-nussberg-1oetw-wiener-gemischter-satz-dac-2024\/","name":"Ried Langteufel-Nussberg 1\u00d6TW Wiener Gemischter Satz DAC - Online-Shop der Weing\u00fcter Mayer am Pfarrplatz und Rotes Haus","isPartOf":{"@id":"https:\/\/shop.pfarrplatz.com\/de\/#website"},"primaryImageOfPage":{"@id":"https:\/\/shop.pfarrplatz.com\/de\/wein\/ried-langteufel-nussberg-1oetw-wiener-gemischter-satz-dac-2024\/#primaryimage"},"image":{"@id":"https:\/\/shop.pfarrplatz.com\/de\/wein\/ried-langteufel-nussberg-1oetw-wiener-gemischter-satz-dac-2024\/#primaryimage"},"thumbnailUrl":"https:\/\/shop.pfarrplatz.com\/wp-content\/uploads\/2026\/03\/RH_GemSatz.webp","datePublished":"2022-09-02T08:24:46+00:00","dateModified":"2026-04-30T12:35:57+00:00","breadcrumb":{"@id":"https:\/\/shop.pfarrplatz.com\/de\/wein\/ried-langteufel-nussberg-1oetw-wiener-gemischter-satz-dac-2024\/#breadcrumb"},"inLanguage":"de","potentialAction":[{"@type":"ReadAction","target":["https:\/\/shop.pfarrplatz.com\/de\/wein\/ried-langteufel-nussberg-1oetw-wiener-gemischter-satz-dac-2024\/"]}]},{"@type":"ImageObject","inLanguage":"de","@id":"https:\/\/shop.pfarrplatz.com\/de\/wein\/ried-langteufel-nussberg-1oetw-wiener-gemischter-satz-dac-2024\/#primaryimage","url":"https:\/\/shop.pfarrplatz.com\/wp-content\/uploads\/2026\/03\/RH_GemSatz.webp","contentUrl":"https:\/\/shop.pfarrplatz.com\/wp-content\/uploads\/2026\/03\/RH_GemSatz.webp","width":794,"height":2500},{"@type":"BreadcrumbList","@id":"https:\/\/shop.pfarrplatz.com\/de\/wein\/ried-langteufel-nussberg-1oetw-wiener-gemischter-satz-dac-2024\/#breadcrumb","itemListElement":[{"@type":"ListItem","position":1,"name":"Start","item":"https:\/\/shop.pfarrplatz.com\/de\/"},{"@type":"ListItem","position":2,"name":"Shop","item":"https:\/\/shop.pfarrplatz.com\/de\/shop\/"},{"@type":"ListItem","position":3,"name":"Ried Langteufel-Nussberg 1\u00d6TW Wiener Gemischter Satz DAC"}]},{"@type":"WebSite","@id":"https:\/\/shop.pfarrplatz.com\/de\/#website","url":"https:\/\/shop.pfarrplatz.com\/de\/","name":"Online-Shop der Weing\u00fcter Mayer am Pfarrplatz und Rotes Haus","description":"Von den 10 besten Weinen Wiens sind 6 von den Weing\u00fctern Mayer am Pfarrplatz und Rotes Haus","publisher":{"@id":"https:\/\/shop.pfarrplatz.com\/de\/#organization"},"potentialAction":[{"@type":"SearchAction","target":{"@type":"EntryPoint","urlTemplate":"https:\/\/shop.pfarrplatz.com\/de\/?s={search_term_string}"},"query-input":{"@type":"PropertyValueSpecification","valueRequired":true,"valueName":"search_term_string"}}],"inLanguage":"de"},{"@type":"Organization","@id":"https:\/\/shop.pfarrplatz.com\/de\/#organization","name":"Mayer am Pfarrplatz und Rotes Haus","alternateName":"VWG \u201eVienna 19\u201c Wein GmbH","url":"https:\/\/shop.pfarrplatz.com\/de\/","logo":{"@type":"ImageObject","inLanguage":"de","@id":"https:\/\/shop.pfarrplatz.com\/de\/#\/schema\/logo\/image\/","url":"https:\/\/shop.pfarrplatz.com\/wp-content\/uploads\/2018\/06\/weingut_mayer_am_pfarrplatz_logo.png","contentUrl":"https:\/\/shop.pfarrplatz.com\/wp-content\/uploads\/2018\/06\/weingut_mayer_am_pfarrplatz_logo.png","width":124,"height":106,"caption":"Mayer am Pfarrplatz und Rotes Haus"},"image":{"@id":"https:\/\/shop.pfarrplatz.com\/de\/#\/schema\/logo\/image\/"},"sameAs":["https:\/\/www.facebook.com\/mayerampfarrplatz","https:\/\/www.instagram.com\/mayerampfarrplatz.pfarrwirt\/"]}]}},"_links":{"self":[{"href":"https:\/\/shop.pfarrplatz.com\/de\/wp-json\/wp\/v2\/product\/105403","targetHints":{"allow":["GET"]}}],"collection":[{"href":"https:\/\/shop.pfarrplatz.com\/de\/wp-json\/wp\/v2\/product"}],"about":[{"href":"https:\/\/shop.pfarrplatz.com\/de\/wp-json\/wp\/v2\/types\/product"}],"replies":[{"embeddable":true,"href":"https:\/\/shop.pfarrplatz.com\/de\/wp-json\/wp\/v2\/comments?post=105403"}],"wp:featuredmedia":[{"embeddable":true,"href":"https:\/\/shop.pfarrplatz.com\/de\/wp-json\/wp\/v2\/media\/104457"}],"wp:attachment":[{"href":"https:\/\/shop.pfarrplatz.com\/de\/wp-json\/wp\/v2\/media?parent=105403"}],"wp:term":[{"taxonomy":"product_brand","embeddable":true,"href":"https:\/\/shop.pfarrplatz.com\/de\/wp-json\/wp\/v2\/product_brand?post=105403"},{"taxonomy":"product_cat","embeddable":true,"href":"https:\/\/shop.pfarrplatz.com\/de\/wp-json\/wp\/v2\/product_cat?post=105403"},{"taxonomy":"product_tag","embeddable":true,"href":"https:\/\/shop.pfarrplatz.com\/de\/wp-json\/wp\/v2\/product_tag?post=105403"}],"curies":[{"name":"wp","href":"https:\/\/api.w.org\/{rel}","templated":true}]}}