{"id":105369,"date":"2021-03-04T09:25:45","date_gmt":"2021-03-04T08:25:45","guid":{"rendered":"https:\/\/shop-2025.pfarrplatz.vollwerbung.at\/wein\/gv-mini-2\/"},"modified":"2026-04-13T16:44:15","modified_gmt":"2026-04-13T14:44:15","slug":"gv-mini-2","status":"publish","type":"product","link":"https:\/\/shop.pfarrplatz.com\/de\/wein\/gv-mini-2\/","title":{"rendered":"12er-Paket Gr\u00fcner Veltliner Mini"},"content":{"rendered":"","protected":false},"excerpt":{"rendered":"<p>Unser Gr\u00fcner Veltliner in der praktischen Miniflasche , perfekt f\u00fcr den vinophilen Genuss to-go, beim Picknick oder einfach zum Genie\u00dfen, wenn mal eine Bouteille zu viel sein sollte. ;-)<\/p>\n<p>Zarte Wiesenkr\u00e4uter in der Nase. Feinw\u00fcrzig unterlegte Frucht, erinnert an Grapefruit mit gut integrierter S\u00e4urestruktur. Wei\u00dfer Pfeffer im Nachhall, ein idealer Speisebegleiter.<\/p>\n<p>Preis pro Karton. Ein Karton beinhaltet 12 Flaschen \u00e0 0,187l.<\/p>\n","protected":false},"featured_media":94618,"comment_status":"closed","ping_status":"closed","template":"","meta":[],"product_brand":[],"product_cat":[167,887,885,115],"product_tag":[],"class_list":{"0":"post-105369","1":"product","2":"type-product","3":"status-publish","4":"has-post-thumbnail","6":"product_cat-mayer-am-pfarrplatz","7":"product_cat-nicht-rabattierbar","8":"product_cat-sonderformate","9":"product_cat-weinsets","10":"pa_allergene-enthaelt-sulfite","11":"pa_einheit-flasche","12":"pa_gebinde-075-2","13":"pa_geschmack-trocken-2","14":"pa_jahrgang-876","15":"pa_lage-weingarten-gebietswein","16":"pa_lagerfaehigkeit-1-2-jahre","17":"pa_produkt-weisswein","18":"pa_rebsorte-gruener-veltliner","19":"pa_trinktemperatur-10-12-c","20":"pa_verschluss-schraubverschluss","21":"pa_weingut-mayer-am-pfarrplatz","23":"first","24":"instock","25":"taxable","26":"shipping-taxable","27":"purchasable","28":"product-type-simple"},"yoast_head":"<!-- This site is optimized with the Yoast SEO plugin v27.5 - https:\/\/yoast.com\/product\/yoast-seo-wordpress\/ -->\n<title>12er-Paket Gr\u00fcner Veltliner Mini - Online-Shop der Weing\u00fcter Mayer am Pfarrplatz und Rotes Haus<\/title>\n<meta name=\"robots\" content=\"index, follow, max-snippet:-1, max-image-preview:large, max-video-preview:-1\" \/>\n<link rel=\"canonical\" href=\"https:\/\/shop.pfarrplatz.com\/de\/wein\/gv-mini-2\/\" \/>\n<meta property=\"og:locale\" content=\"de_DE\" \/>\n<meta property=\"og:type\" content=\"article\" \/>\n<meta property=\"og:title\" content=\"12er-Paket Gr\u00fcner Veltliner Mini - Online-Shop der Weing\u00fcter Mayer am Pfarrplatz und Rotes Haus\" \/>\n<meta property=\"og:description\" content=\"Unser Gr\u00fcner Veltliner in der praktischen Miniflasche , perfekt f\u00fcr den vinophilen Genuss to-go, beim Picknick oder einfach zum Genie\u00dfen, wenn mal eine Bouteille zu viel sein sollte. ;-) Zarte Wiesenkr\u00e4uter in der Nase. Feinw\u00fcrzig unterlegte Frucht, erinnert an Grapefruit mit gut integrierter S\u00e4urestruktur. Wei\u00dfer Pfeffer im Nachhall, ein idealer Speisebegleiter. Preis pro Karton. Ein Karton beinhaltet 12 Flaschen \u00e0 0,187l.\" \/>\n<meta property=\"og:url\" content=\"https:\/\/shop.pfarrplatz.com\/de\/wein\/gv-mini-2\/\" \/>\n<meta property=\"og:site_name\" content=\"Online-Shop der Weing\u00fcter Mayer am Pfarrplatz und Rotes Haus\" \/>\n<meta property=\"article:publisher\" content=\"https:\/\/www.facebook.com\/mayerampfarrplatz\" \/>\n<meta property=\"article:modified_time\" content=\"2026-04-13T14:44:15+00:00\" \/>\n<meta property=\"og:image\" content=\"https:\/\/shop.pfarrplatz.com\/wp-content\/uploads\/2021\/03\/MayerGV_mini_Set.webp\" \/>\n\t<meta property=\"og:image:width\" content=\"2014\" \/>\n\t<meta property=\"og:image:height\" content=\"2500\" \/>\n\t<meta property=\"og:image:type\" content=\"image\/webp\" \/>\n<meta name=\"twitter:card\" content=\"summary_large_image\" \/>\n<script type=\"application\/ld+json\" class=\"yoast-schema-graph\">{\"@context\":\"https:\\\/\\\/schema.org\",\"@graph\":[{\"@type\":\"WebPage\",\"@id\":\"https:\\\/\\\/shop.pfarrplatz.com\\\/de\\\/wein\\\/gv-mini-2\\\/\",\"url\":\"https:\\\/\\\/shop.pfarrplatz.com\\\/de\\\/wein\\\/gv-mini-2\\\/\",\"name\":\"12er-Paket Gr\u00fcner Veltliner Mini - Online-Shop der Weing\u00fcter Mayer am Pfarrplatz und Rotes Haus\",\"isPartOf\":{\"@id\":\"https:\\\/\\\/shop.pfarrplatz.com\\\/de\\\/#website\"},\"primaryImageOfPage\":{\"@id\":\"https:\\\/\\\/shop.pfarrplatz.com\\\/de\\\/wein\\\/gv-mini-2\\\/#primaryimage\"},\"image\":{\"@id\":\"https:\\\/\\\/shop.pfarrplatz.com\\\/de\\\/wein\\\/gv-mini-2\\\/#primaryimage\"},\"thumbnailUrl\":\"https:\\\/\\\/shop.pfarrplatz.com\\\/wp-content\\\/uploads\\\/2021\\\/03\\\/MayerGV_mini_Set.webp\",\"datePublished\":\"2021-03-04T08:25:45+00:00\",\"dateModified\":\"2026-04-13T14:44:15+00:00\",\"breadcrumb\":{\"@id\":\"https:\\\/\\\/shop.pfarrplatz.com\\\/de\\\/wein\\\/gv-mini-2\\\/#breadcrumb\"},\"inLanguage\":\"de\",\"potentialAction\":[{\"@type\":\"ReadAction\",\"target\":[\"https:\\\/\\\/shop.pfarrplatz.com\\\/de\\\/wein\\\/gv-mini-2\\\/\"]}]},{\"@type\":\"ImageObject\",\"inLanguage\":\"de\",\"@id\":\"https:\\\/\\\/shop.pfarrplatz.com\\\/de\\\/wein\\\/gv-mini-2\\\/#primaryimage\",\"url\":\"https:\\\/\\\/shop.pfarrplatz.com\\\/wp-content\\\/uploads\\\/2021\\\/03\\\/MayerGV_mini_Set.webp\",\"contentUrl\":\"https:\\\/\\\/shop.pfarrplatz.com\\\/wp-content\\\/uploads\\\/2021\\\/03\\\/MayerGV_mini_Set.webp\",\"width\":2014,\"height\":2500},{\"@type\":\"BreadcrumbList\",\"@id\":\"https:\\\/\\\/shop.pfarrplatz.com\\\/de\\\/wein\\\/gv-mini-2\\\/#breadcrumb\",\"itemListElement\":[{\"@type\":\"ListItem\",\"position\":1,\"name\":\"Start\",\"item\":\"https:\\\/\\\/shop.pfarrplatz.com\\\/de\\\/\"},{\"@type\":\"ListItem\",\"position\":2,\"name\":\"Shop\",\"item\":\"https:\\\/\\\/shop.pfarrplatz.com\\\/de\\\/shop\\\/\"},{\"@type\":\"ListItem\",\"position\":3,\"name\":\"12er-Paket Gr\u00fcner Veltliner Mini\"}]},{\"@type\":\"WebSite\",\"@id\":\"https:\\\/\\\/shop.pfarrplatz.com\\\/de\\\/#website\",\"url\":\"https:\\\/\\\/shop.pfarrplatz.com\\\/de\\\/\",\"name\":\"Online-Shop der Weing\u00fcter Mayer am Pfarrplatz und Rotes Haus\",\"description\":\"Von den 10 besten Weinen Wiens sind 6 von den Weing\u00fctern Mayer am Pfarrplatz und Rotes Haus\",\"publisher\":{\"@id\":\"https:\\\/\\\/shop.pfarrplatz.com\\\/de\\\/#organization\"},\"potentialAction\":[{\"@type\":\"SearchAction\",\"target\":{\"@type\":\"EntryPoint\",\"urlTemplate\":\"https:\\\/\\\/shop.pfarrplatz.com\\\/de\\\/?s={search_term_string}\"},\"query-input\":{\"@type\":\"PropertyValueSpecification\",\"valueRequired\":true,\"valueName\":\"search_term_string\"}}],\"inLanguage\":\"de\"},{\"@type\":\"Organization\",\"@id\":\"https:\\\/\\\/shop.pfarrplatz.com\\\/de\\\/#organization\",\"name\":\"Mayer am Pfarrplatz und Rotes Haus\",\"alternateName\":\"VWG \u201eVienna 19\u201c Wein GmbH\",\"url\":\"https:\\\/\\\/shop.pfarrplatz.com\\\/de\\\/\",\"logo\":{\"@type\":\"ImageObject\",\"inLanguage\":\"de\",\"@id\":\"https:\\\/\\\/shop.pfarrplatz.com\\\/de\\\/#\\\/schema\\\/logo\\\/image\\\/\",\"url\":\"https:\\\/\\\/shop.pfarrplatz.com\\\/wp-content\\\/uploads\\\/2018\\\/06\\\/weingut_mayer_am_pfarrplatz_logo.png\",\"contentUrl\":\"https:\\\/\\\/shop.pfarrplatz.com\\\/wp-content\\\/uploads\\\/2018\\\/06\\\/weingut_mayer_am_pfarrplatz_logo.png\",\"width\":124,\"height\":106,\"caption\":\"Mayer am Pfarrplatz und Rotes Haus\"},\"image\":{\"@id\":\"https:\\\/\\\/shop.pfarrplatz.com\\\/de\\\/#\\\/schema\\\/logo\\\/image\\\/\"},\"sameAs\":[\"https:\\\/\\\/www.facebook.com\\\/mayerampfarrplatz\",\"https:\\\/\\\/www.instagram.com\\\/mayerampfarrplatz.pfarrwirt\\\/\"]}]}<\/script>\n<!-- \/ Yoast SEO plugin. -->","yoast_head_json":{"title":"12er-Paket Gr\u00fcner Veltliner Mini - Online-Shop der Weing\u00fcter Mayer am Pfarrplatz und Rotes Haus","robots":{"index":"index","follow":"follow","max-snippet":"max-snippet:-1","max-image-preview":"max-image-preview:large","max-video-preview":"max-video-preview:-1"},"canonical":"https:\/\/shop.pfarrplatz.com\/de\/wein\/gv-mini-2\/","og_locale":"de_DE","og_type":"article","og_title":"12er-Paket Gr\u00fcner Veltliner Mini - Online-Shop der Weing\u00fcter Mayer am Pfarrplatz und Rotes Haus","og_description":"Unser Gr\u00fcner Veltliner in der praktischen Miniflasche , perfekt f\u00fcr den vinophilen Genuss to-go, beim Picknick oder einfach zum Genie\u00dfen, wenn mal eine Bouteille zu viel sein sollte. ;-) Zarte Wiesenkr\u00e4uter in der Nase. Feinw\u00fcrzig unterlegte Frucht, erinnert an Grapefruit mit gut integrierter S\u00e4urestruktur. Wei\u00dfer Pfeffer im Nachhall, ein idealer Speisebegleiter. Preis pro Karton. Ein Karton beinhaltet 12 Flaschen \u00e0 0,187l.","og_url":"https:\/\/shop.pfarrplatz.com\/de\/wein\/gv-mini-2\/","og_site_name":"Online-Shop der Weing\u00fcter Mayer am Pfarrplatz und Rotes Haus","article_publisher":"https:\/\/www.facebook.com\/mayerampfarrplatz","article_modified_time":"2026-04-13T14:44:15+00:00","og_image":[{"width":2014,"height":2500,"url":"https:\/\/shop.pfarrplatz.com\/wp-content\/uploads\/2021\/03\/MayerGV_mini_Set.webp","type":"image\/webp"}],"twitter_card":"summary_large_image","schema":{"@context":"https:\/\/schema.org","@graph":[{"@type":"WebPage","@id":"https:\/\/shop.pfarrplatz.com\/de\/wein\/gv-mini-2\/","url":"https:\/\/shop.pfarrplatz.com\/de\/wein\/gv-mini-2\/","name":"12er-Paket Gr\u00fcner Veltliner Mini - Online-Shop der Weing\u00fcter Mayer am Pfarrplatz und Rotes Haus","isPartOf":{"@id":"https:\/\/shop.pfarrplatz.com\/de\/#website"},"primaryImageOfPage":{"@id":"https:\/\/shop.pfarrplatz.com\/de\/wein\/gv-mini-2\/#primaryimage"},"image":{"@id":"https:\/\/shop.pfarrplatz.com\/de\/wein\/gv-mini-2\/#primaryimage"},"thumbnailUrl":"https:\/\/shop.pfarrplatz.com\/wp-content\/uploads\/2021\/03\/MayerGV_mini_Set.webp","datePublished":"2021-03-04T08:25:45+00:00","dateModified":"2026-04-13T14:44:15+00:00","breadcrumb":{"@id":"https:\/\/shop.pfarrplatz.com\/de\/wein\/gv-mini-2\/#breadcrumb"},"inLanguage":"de","potentialAction":[{"@type":"ReadAction","target":["https:\/\/shop.pfarrplatz.com\/de\/wein\/gv-mini-2\/"]}]},{"@type":"ImageObject","inLanguage":"de","@id":"https:\/\/shop.pfarrplatz.com\/de\/wein\/gv-mini-2\/#primaryimage","url":"https:\/\/shop.pfarrplatz.com\/wp-content\/uploads\/2021\/03\/MayerGV_mini_Set.webp","contentUrl":"https:\/\/shop.pfarrplatz.com\/wp-content\/uploads\/2021\/03\/MayerGV_mini_Set.webp","width":2014,"height":2500},{"@type":"BreadcrumbList","@id":"https:\/\/shop.pfarrplatz.com\/de\/wein\/gv-mini-2\/#breadcrumb","itemListElement":[{"@type":"ListItem","position":1,"name":"Start","item":"https:\/\/shop.pfarrplatz.com\/de\/"},{"@type":"ListItem","position":2,"name":"Shop","item":"https:\/\/shop.pfarrplatz.com\/de\/shop\/"},{"@type":"ListItem","position":3,"name":"12er-Paket Gr\u00fcner Veltliner Mini"}]},{"@type":"WebSite","@id":"https:\/\/shop.pfarrplatz.com\/de\/#website","url":"https:\/\/shop.pfarrplatz.com\/de\/","name":"Online-Shop der Weing\u00fcter Mayer am Pfarrplatz und Rotes Haus","description":"Von den 10 besten Weinen Wiens sind 6 von den Weing\u00fctern Mayer am Pfarrplatz und Rotes Haus","publisher":{"@id":"https:\/\/shop.pfarrplatz.com\/de\/#organization"},"potentialAction":[{"@type":"SearchAction","target":{"@type":"EntryPoint","urlTemplate":"https:\/\/shop.pfarrplatz.com\/de\/?s={search_term_string}"},"query-input":{"@type":"PropertyValueSpecification","valueRequired":true,"valueName":"search_term_string"}}],"inLanguage":"de"},{"@type":"Organization","@id":"https:\/\/shop.pfarrplatz.com\/de\/#organization","name":"Mayer am Pfarrplatz und Rotes Haus","alternateName":"VWG \u201eVienna 19\u201c Wein GmbH","url":"https:\/\/shop.pfarrplatz.com\/de\/","logo":{"@type":"ImageObject","inLanguage":"de","@id":"https:\/\/shop.pfarrplatz.com\/de\/#\/schema\/logo\/image\/","url":"https:\/\/shop.pfarrplatz.com\/wp-content\/uploads\/2018\/06\/weingut_mayer_am_pfarrplatz_logo.png","contentUrl":"https:\/\/shop.pfarrplatz.com\/wp-content\/uploads\/2018\/06\/weingut_mayer_am_pfarrplatz_logo.png","width":124,"height":106,"caption":"Mayer am Pfarrplatz und Rotes Haus"},"image":{"@id":"https:\/\/shop.pfarrplatz.com\/de\/#\/schema\/logo\/image\/"},"sameAs":["https:\/\/www.facebook.com\/mayerampfarrplatz","https:\/\/www.instagram.com\/mayerampfarrplatz.pfarrwirt\/"]}]}},"_links":{"self":[{"href":"https:\/\/shop.pfarrplatz.com\/de\/wp-json\/wp\/v2\/product\/105369","targetHints":{"allow":["GET"]}}],"collection":[{"href":"https:\/\/shop.pfarrplatz.com\/de\/wp-json\/wp\/v2\/product"}],"about":[{"href":"https:\/\/shop.pfarrplatz.com\/de\/wp-json\/wp\/v2\/types\/product"}],"replies":[{"embeddable":true,"href":"https:\/\/shop.pfarrplatz.com\/de\/wp-json\/wp\/v2\/comments?post=105369"}],"wp:featuredmedia":[{"embeddable":true,"href":"https:\/\/shop.pfarrplatz.com\/de\/wp-json\/wp\/v2\/media\/94618"}],"wp:attachment":[{"href":"https:\/\/shop.pfarrplatz.com\/de\/wp-json\/wp\/v2\/media?parent=105369"}],"wp:term":[{"taxonomy":"product_brand","embeddable":true,"href":"https:\/\/shop.pfarrplatz.com\/de\/wp-json\/wp\/v2\/product_brand?post=105369"},{"taxonomy":"product_cat","embeddable":true,"href":"https:\/\/shop.pfarrplatz.com\/de\/wp-json\/wp\/v2\/product_cat?post=105369"},{"taxonomy":"product_tag","embeddable":true,"href":"https:\/\/shop.pfarrplatz.com\/de\/wp-json\/wp\/v2\/product_tag?post=105369"}],"curies":[{"name":"wp","href":"https:\/\/api.w.org\/{rel}","templated":true}]}}