{"id":15,"date":"2018-03-22T14:29:04","date_gmt":"2018-03-22T13:29:04","guid":{"rendered":"https:\/\/localhost\/dev\/pfarrplatz\/shop\/impressum\/"},"modified":"2026-04-01T16:34:51","modified_gmt":"2026-04-01T14:34:51","slug":"impressum","status":"publish","type":"page","link":"https:\/\/shop.pfarrplatz.com\/de\/impressum\/","title":{"rendered":"Impressum"},"content":{"rendered":"<div class=\"fusion-fullwidth fullwidth-box fusion-builder-row-1 fusion-flex-container has-pattern-background has-mask-background nonhundred-percent-fullwidth non-hundred-percent-height-scrolling\" style=\"--awb-border-radius-top-left:0px;--awb-border-radius-top-right:0px;--awb-border-radius-bottom-right:0px;--awb-border-radius-bottom-left:0px;--awb-margin-bottom:80px;--awb-flex-wrap:wrap;\" ><div class=\"fusion-builder-row fusion-row fusion-flex-align-items-flex-start fusion-flex-content-wrap\" style=\"max-width:1570.4px;margin-left: calc(-4% \/ 2 );margin-right: calc(-4% \/ 2 );\"><div class=\"fusion-layout-column fusion_builder_column fusion-builder-column-0 fusion_builder_column_1_1 1_1 fusion-flex-column\" style=\"--awb-bg-size:cover;--awb-width-large:100%;--awb-margin-top-large:0px;--awb-spacing-right-large:1.92%;--awb-margin-bottom-large:0px;--awb-spacing-left-large:1.92%;--awb-width-medium:100%;--awb-spacing-right-medium:1.92%;--awb-spacing-left-medium:1.92%;--awb-width-small:100%;--awb-spacing-right-small:1.92%;--awb-spacing-left-small:1.92%;\"><div class=\"fusion-column-wrapper fusion-flex-justify-content-flex-start fusion-content-layout-column\"><div class=\"fusion-text fusion-text-1\"><h1>Impressum<\/h1>\n<h3><strong>OFFENLEGUNG NACH \u00a7 25 MEDIENGESETZ<br \/>\nKENNZEICHNUNG NACH UGB und ECG<\/strong><\/h3>\n<h4><strong>Inhaber der Seite<\/strong><\/h4>\n<p>VWG \u201eVienna 19\u201c Wein GmbH<br \/>\nEroicagasse 4<br \/>\n1190 Wien<\/p>\n<h4><strong>Vertretungsbefugte Organe<\/strong><\/h4>\n<p>Thomas Podsednik<br \/>\nFreddy Schmid<\/p>\n<h4><strong>Kontaktinformationen<\/strong><\/h4>\n<p>Telefon: 0043 1 370 33 61<br \/>\ne-mail: office@pfarrplatz.at<br \/>\nFirmenbuchnummer: FN 286637a<br \/>\nUID Nummer: ATU 63191913<\/p>\n<h4><strong>Zust\u00e4ndige Stellen <\/strong><\/h4>\n<p>Firmenbuchgericht: Handelsgericht Wien<br \/>\nAufsichtsbeh\u00f6rde: Magistrat\/Gewerbebeh\u00f6rde der Stadt Wien<br \/>\nAnwendbare Rechtsvorschriften: Gewerbeordnung (GewO) unter www.ris.bka.gv.at<br \/>\nKammer: Landwirtschaftskammer Wien, Sparte Weinbau \/ Buschenschank<\/p>\n<h4><strong>T\u00e4tigkeitsbereich<\/strong><\/h4>\n<p>Produktion und Vertrieb von Wiener Eigenbauwein \/ Buschenschankbetrieb<\/p>\n<h4><strong>Richtung der Website \u201eBlattlinie\u201c<\/strong><\/h4>\n<p>Die Webseite www.pfarrplatz.at dient nur der Bewerbung und dem Verkauf von Waren und der Darstellung des Unternehmens.<\/p>\n<h4><strong>Hinweise und Haftungsausschluss<\/strong><\/h4>\n<p>Im Hinblick auf die technischen Eigenschaften des Internet kann keine Gew\u00e4hr f\u00fcr die Authentizit\u00e4t, Richtigkeit und Vollst\u00e4ndigkeit der im Internet zur Verf\u00fcgung gestellten Informationen \u00fcbernommen werden. Es wird auch keine Gew\u00e4hr f\u00fcr die Verf\u00fcgbarkeit oder den Betrieb der gegenst\u00e4ndlichen Homepage und ihrer Inhalte \u00fcbernommen. Jede Haftung f\u00fcr unmittelbare, mittelbare oder sonstige Sch\u00e4den, unabh\u00e4ngig von deren Ursachen, die aus der Benutzung oder Nichtverf\u00fcgbarkeit der Daten und Informationen dieser Homepage erwachsen, wird, soweit rechtlich zul\u00e4ssig, ausgeschlossen. Der Inhalt dieser Homepage ist urheberrechtlich gesch\u00fctzt. Die Informationen sind nur f\u00fcr die pers\u00f6nliche Verwendung bestimmt. Jede weitergehende Nutzung insbesondere die Speicherung in Datenbanken, Vervielf\u00e4ltigung und jede Form von gewerblicher Nutzung sowie die Weitergabe an Dritte \u2013 auch in Teilen oder in \u00fcberarbeiteter Form \u2013 ohne Zustimmung der jeweiligen Organisation ist untersagt. Jede Einbindung einzelner Seiten unseres Angebotes in fremde Frames ist zu unterlassen. Soweit im Content personenbezogene Bezeichnungen nur in m\u00e4nnlicher Form angef\u00fchrt sind, beziehen sie sich auf Frauen und M\u00e4nner in gleicher Weise.<\/p>\n<\/div><\/div><\/div><\/div><\/div>\n","protected":false},"excerpt":{"rendered":"","protected":false},"author":1,"featured_media":0,"parent":0,"menu_order":35,"comment_status":"closed","ping_status":"closed","template":"","meta":{"footnotes":""},"class_list":["post-15","page","type-page","status-publish","hentry"],"yoast_head":"<!-- This site is optimized with the Yoast SEO plugin v27.4 - https:\/\/yoast.com\/product\/yoast-seo-wordpress\/ -->\n<title>Impressum - Online-Shop der Weing\u00fcter Mayer am Pfarrplatz und Rotes Haus<\/title>\n<meta name=\"robots\" content=\"index, follow, max-snippet:-1, max-image-preview:large, max-video-preview:-1\" \/>\n<link rel=\"canonical\" href=\"https:\/\/shop.pfarrplatz.com\/de\/impressum\/\" \/>\n<meta property=\"og:locale\" content=\"de_DE\" \/>\n<meta property=\"og:type\" content=\"article\" \/>\n<meta property=\"og:title\" content=\"Impressum - Online-Shop der Weing\u00fcter Mayer am Pfarrplatz und Rotes Haus\" \/>\n<meta property=\"og:url\" content=\"https:\/\/shop.pfarrplatz.com\/de\/impressum\/\" \/>\n<meta property=\"og:site_name\" content=\"Online-Shop der Weing\u00fcter Mayer am Pfarrplatz und Rotes Haus\" \/>\n<meta property=\"article:publisher\" content=\"https:\/\/www.facebook.com\/mayerampfarrplatz\" \/>\n<meta property=\"article:modified_time\" content=\"2026-04-01T14:34:51+00:00\" \/>\n<meta name=\"twitter:card\" content=\"summary_large_image\" \/>\n<meta name=\"twitter:label1\" content=\"Gesch\u00e4tzte Lesezeit\" \/>\n\t<meta name=\"twitter:data1\" content=\"5\u00a0Minuten\" \/>\n<script type=\"application\/ld+json\" class=\"yoast-schema-graph\">{\"@context\":\"https:\\\/\\\/schema.org\",\"@graph\":[{\"@type\":\"WebPage\",\"@id\":\"https:\\\/\\\/shop.pfarrplatz.com\\\/de\\\/impressum\\\/\",\"url\":\"https:\\\/\\\/shop.pfarrplatz.com\\\/de\\\/impressum\\\/\",\"name\":\"Impressum - Online-Shop der Weing\u00fcter Mayer am Pfarrplatz und Rotes Haus\",\"isPartOf\":{\"@id\":\"https:\\\/\\\/shop.pfarrplatz.com\\\/de\\\/#website\"},\"datePublished\":\"2018-03-22T13:29:04+00:00\",\"dateModified\":\"2026-04-01T14:34:51+00:00\",\"breadcrumb\":{\"@id\":\"https:\\\/\\\/shop.pfarrplatz.com\\\/de\\\/impressum\\\/#breadcrumb\"},\"inLanguage\":\"de\",\"potentialAction\":[{\"@type\":\"ReadAction\",\"target\":[\"https:\\\/\\\/shop.pfarrplatz.com\\\/de\\\/impressum\\\/\"]}]},{\"@type\":\"BreadcrumbList\",\"@id\":\"https:\\\/\\\/shop.pfarrplatz.com\\\/de\\\/impressum\\\/#breadcrumb\",\"itemListElement\":[{\"@type\":\"ListItem\",\"position\":1,\"name\":\"Start\",\"item\":\"https:\\\/\\\/shop.pfarrplatz.com\\\/de\\\/\"},{\"@type\":\"ListItem\",\"position\":2,\"name\":\"Impressum\"}]},{\"@type\":\"WebSite\",\"@id\":\"https:\\\/\\\/shop.pfarrplatz.com\\\/de\\\/#website\",\"url\":\"https:\\\/\\\/shop.pfarrplatz.com\\\/de\\\/\",\"name\":\"Online-Shop der Weing\u00fcter Mayer am Pfarrplatz und Rotes Haus\",\"description\":\"Von den 10 besten Weinen Wiens sind 6 von den Weing\u00fctern Mayer am Pfarrplatz und Rotes Haus\",\"publisher\":{\"@id\":\"https:\\\/\\\/shop.pfarrplatz.com\\\/de\\\/#organization\"},\"potentialAction\":[{\"@type\":\"SearchAction\",\"target\":{\"@type\":\"EntryPoint\",\"urlTemplate\":\"https:\\\/\\\/shop.pfarrplatz.com\\\/de\\\/?s={search_term_string}\"},\"query-input\":{\"@type\":\"PropertyValueSpecification\",\"valueRequired\":true,\"valueName\":\"search_term_string\"}}],\"inLanguage\":\"de\"},{\"@type\":\"Organization\",\"@id\":\"https:\\\/\\\/shop.pfarrplatz.com\\\/de\\\/#organization\",\"name\":\"Mayer am Pfarrplatz und Rotes Haus\",\"alternateName\":\"VWG \u201eVienna 19\u201c Wein GmbH\",\"url\":\"https:\\\/\\\/shop.pfarrplatz.com\\\/de\\\/\",\"logo\":{\"@type\":\"ImageObject\",\"inLanguage\":\"de\",\"@id\":\"https:\\\/\\\/shop.pfarrplatz.com\\\/de\\\/#\\\/schema\\\/logo\\\/image\\\/\",\"url\":\"https:\\\/\\\/shop.pfarrplatz.com\\\/wp-content\\\/uploads\\\/2018\\\/06\\\/weingut_mayer_am_pfarrplatz_logo.png\",\"contentUrl\":\"https:\\\/\\\/shop.pfarrplatz.com\\\/wp-content\\\/uploads\\\/2018\\\/06\\\/weingut_mayer_am_pfarrplatz_logo.png\",\"width\":124,\"height\":106,\"caption\":\"Mayer am Pfarrplatz und Rotes Haus\"},\"image\":{\"@id\":\"https:\\\/\\\/shop.pfarrplatz.com\\\/de\\\/#\\\/schema\\\/logo\\\/image\\\/\"},\"sameAs\":[\"https:\\\/\\\/www.facebook.com\\\/mayerampfarrplatz\",\"https:\\\/\\\/www.instagram.com\\\/mayerampfarrplatz.pfarrwirt\\\/\"]}]}<\/script>\n<!-- \/ Yoast SEO plugin. -->","yoast_head_json":{"title":"Impressum - Online-Shop der Weing\u00fcter Mayer am Pfarrplatz und Rotes Haus","robots":{"index":"index","follow":"follow","max-snippet":"max-snippet:-1","max-image-preview":"max-image-preview:large","max-video-preview":"max-video-preview:-1"},"canonical":"https:\/\/shop.pfarrplatz.com\/de\/impressum\/","og_locale":"de_DE","og_type":"article","og_title":"Impressum - Online-Shop der Weing\u00fcter Mayer am Pfarrplatz und Rotes Haus","og_url":"https:\/\/shop.pfarrplatz.com\/de\/impressum\/","og_site_name":"Online-Shop der Weing\u00fcter Mayer am Pfarrplatz und Rotes Haus","article_publisher":"https:\/\/www.facebook.com\/mayerampfarrplatz","article_modified_time":"2026-04-01T14:34:51+00:00","twitter_card":"summary_large_image","twitter_misc":{"Gesch\u00e4tzte Lesezeit":"5\u00a0Minuten"},"schema":{"@context":"https:\/\/schema.org","@graph":[{"@type":"WebPage","@id":"https:\/\/shop.pfarrplatz.com\/de\/impressum\/","url":"https:\/\/shop.pfarrplatz.com\/de\/impressum\/","name":"Impressum - Online-Shop der Weing\u00fcter Mayer am Pfarrplatz und Rotes Haus","isPartOf":{"@id":"https:\/\/shop.pfarrplatz.com\/de\/#website"},"datePublished":"2018-03-22T13:29:04+00:00","dateModified":"2026-04-01T14:34:51+00:00","breadcrumb":{"@id":"https:\/\/shop.pfarrplatz.com\/de\/impressum\/#breadcrumb"},"inLanguage":"de","potentialAction":[{"@type":"ReadAction","target":["https:\/\/shop.pfarrplatz.com\/de\/impressum\/"]}]},{"@type":"BreadcrumbList","@id":"https:\/\/shop.pfarrplatz.com\/de\/impressum\/#breadcrumb","itemListElement":[{"@type":"ListItem","position":1,"name":"Start","item":"https:\/\/shop.pfarrplatz.com\/de\/"},{"@type":"ListItem","position":2,"name":"Impressum"}]},{"@type":"WebSite","@id":"https:\/\/shop.pfarrplatz.com\/de\/#website","url":"https:\/\/shop.pfarrplatz.com\/de\/","name":"Online-Shop der Weing\u00fcter Mayer am Pfarrplatz und Rotes Haus","description":"Von den 10 besten Weinen Wiens sind 6 von den Weing\u00fctern Mayer am Pfarrplatz und Rotes Haus","publisher":{"@id":"https:\/\/shop.pfarrplatz.com\/de\/#organization"},"potentialAction":[{"@type":"SearchAction","target":{"@type":"EntryPoint","urlTemplate":"https:\/\/shop.pfarrplatz.com\/de\/?s={search_term_string}"},"query-input":{"@type":"PropertyValueSpecification","valueRequired":true,"valueName":"search_term_string"}}],"inLanguage":"de"},{"@type":"Organization","@id":"https:\/\/shop.pfarrplatz.com\/de\/#organization","name":"Mayer am Pfarrplatz und Rotes Haus","alternateName":"VWG \u201eVienna 19\u201c Wein GmbH","url":"https:\/\/shop.pfarrplatz.com\/de\/","logo":{"@type":"ImageObject","inLanguage":"de","@id":"https:\/\/shop.pfarrplatz.com\/de\/#\/schema\/logo\/image\/","url":"https:\/\/shop.pfarrplatz.com\/wp-content\/uploads\/2018\/06\/weingut_mayer_am_pfarrplatz_logo.png","contentUrl":"https:\/\/shop.pfarrplatz.com\/wp-content\/uploads\/2018\/06\/weingut_mayer_am_pfarrplatz_logo.png","width":124,"height":106,"caption":"Mayer am Pfarrplatz und Rotes Haus"},"image":{"@id":"https:\/\/shop.pfarrplatz.com\/de\/#\/schema\/logo\/image\/"},"sameAs":["https:\/\/www.facebook.com\/mayerampfarrplatz","https:\/\/www.instagram.com\/mayerampfarrplatz.pfarrwirt\/"]}]}},"_links":{"self":[{"href":"https:\/\/shop.pfarrplatz.com\/de\/wp-json\/wp\/v2\/pages\/15","targetHints":{"allow":["GET"]}}],"collection":[{"href":"https:\/\/shop.pfarrplatz.com\/de\/wp-json\/wp\/v2\/pages"}],"about":[{"href":"https:\/\/shop.pfarrplatz.com\/de\/wp-json\/wp\/v2\/types\/page"}],"author":[{"embeddable":true,"href":"https:\/\/shop.pfarrplatz.com\/de\/wp-json\/wp\/v2\/users\/1"}],"replies":[{"embeddable":true,"href":"https:\/\/shop.pfarrplatz.com\/de\/wp-json\/wp\/v2\/comments?post=15"}],"version-history":[{"count":11,"href":"https:\/\/shop.pfarrplatz.com\/de\/wp-json\/wp\/v2\/pages\/15\/revisions"}],"predecessor-version":[{"id":104790,"href":"https:\/\/shop.pfarrplatz.com\/de\/wp-json\/wp\/v2\/pages\/15\/revisions\/104790"}],"wp:attachment":[{"href":"https:\/\/shop.pfarrplatz.com\/de\/wp-json\/wp\/v2\/media?parent=15"}],"curies":[{"name":"wp","href":"https:\/\/api.w.org\/{rel}","templated":true}]}}